{"version":"1.0","provider_name":"SFR Business R\u00e9union","provider_url":"https:\/\/www.sfrbusiness.re","author_name":"Melissa Payet","author_url":"https:\/\/www.sfrbusiness.re\/author\/melissa\/","title":"FIC 2023 : Les grands enseignements du Forum International de la Cybers\u00e9curit\u00e9 2023 - SFR Business R\u00e9union","type":"rich","width":600,"height":338,"html":"<blockquote class=\"wp-embedded-content\" data-secret=\"x33RtmgYAh\"><a href=\"https:\/\/www.sfrbusiness.re\/fic-2023-ce-quil-faut-retenir\/\">FIC 2023 : Les grands enseignements du Forum International de la Cybers\u00e9curit\u00e9 2023<\/a><\/blockquote><iframe sandbox=\"allow-scripts\" security=\"restricted\" src=\"https:\/\/www.sfrbusiness.re\/fic-2023-ce-quil-faut-retenir\/embed\/#?secret=x33RtmgYAh\" width=\"600\" height=\"338\" title=\"\u00ab\u00a0FIC 2023 : Les grands enseignements du Forum International de la Cybers\u00e9curit\u00e9 2023\u00a0\u00bb &#8212; SFR Business R\u00e9union\" data-secret=\"x33RtmgYAh\" frameborder=\"0\" marginwidth=\"0\" marginheight=\"0\" scrolling=\"no\" class=\"wp-embedded-content\"><\/iframe><script>\n\/*! This file is auto-generated *\/\n!function(d,l){\"use strict\";l.querySelector&&d.addEventListener&&\"undefined\"!=typeof URL&&(d.wp=d.wp||{},d.wp.receiveEmbedMessage||(d.wp.receiveEmbedMessage=function(e){var t=e.data;if((t||t.secret||t.message||t.value)&&!\/[^a-zA-Z0-9]\/.test(t.secret)){for(var s,r,n,a=l.querySelectorAll('iframe[data-secret=\"'+t.secret+'\"]'),o=l.querySelectorAll('blockquote[data-secret=\"'+t.secret+'\"]'),c=new RegExp(\"^https?:$\",\"i\"),i=0;i<o.length;i++)o[i].style.display=\"none\";for(i=0;i<a.length;i++)s=a[i],e.source===s.contentWindow&&(s.removeAttribute(\"style\"),\"height\"===t.message?(1e3<(r=parseInt(t.value,10))?r=1e3:~~r<200&&(r=200),s.height=r):\"link\"===t.message&&(r=new URL(s.getAttribute(\"src\")),n=new URL(t.value),c.test(n.protocol))&&n.host===r.host&&l.activeElement===s&&(d.top.location.href=t.value))}},d.addEventListener(\"message\",d.wp.receiveEmbedMessage,!1),l.addEventListener(\"DOMContentLoaded\",function(){for(var e,t,s=l.querySelectorAll(\"iframe.wp-embedded-content\"),r=0;r<s.length;r++)(t=(e=s[r]).getAttribute(\"data-secret\"))||(t=Math.random().toString(36).substring(2,12),e.src+=\"#?secret=\"+t,e.setAttribute(\"data-secret\",t)),e.contentWindow.postMessage({message:\"ready\",secret:t},\"*\")},!1)))}(window,document);\n\/\/# sourceURL=https:\/\/www.sfrbusiness.re\/wp-includes\/js\/wp-embed.min.js\n<\/script>\n","description":"s\u00e9curit\u00e9 \u00c9v\u00e9nement incontournable de la cyber, le\u00a0FIC\u00a0(Forum International de la Cybers\u00e9curit\u00e9) r\u00e9unit chaque ann\u00e9e les fournisseurs et les\u00a0utilisateurs finaux de solutions de cybers\u00e9curit\u00e9\u00a0ainsi que les acteurs institutionnels et acad\u00e9miques. Sa 15\u1d49 \u00e9dition, qui s\u2019est tenue du 5 au 7 avril dernier, a ainsi rassembl\u00e9 plus de 16 000 personnes. L\u2019\u00e9quipe SFR Business a r\u00e9pondu au [&hellip;]","thumbnail_url":"https:\/\/www.sfrbusiness.re\/wp-content\/uploads\/2023\/11\/600x400-article-room-fic_2023.2-1.webp"}